{"id":195,"date":"2016-09-17T15:24:00","date_gmt":"2016-09-17T15:24:00","guid":{"rendered":"http:\/\/proaguas.dev\/va\/?page_id=195"},"modified":"2016-12-06T15:17:36","modified_gmt":"2016-12-06T15:17:36","slug":"projectes-i-obres","status":"publish","type":"page","link":"https:\/\/www.proaguas.es\/va\/servicis\/projectes-i-obres\/","title":{"rendered":"Projectes i obres"},"content":{"rendered":"<p>Una de les activitats principals de <strong>PROAIG\u00dcES<\/strong> \u00e9s el desplegament i execuci\u00f3 d&#8217;actuacions dins del cicle integral de l&#8217;aigua, redactant tot tipus d&#8217;estudis i projectes aix\u00ed com la supervisi\u00f3 de les obres, duent a terme la direcci\u00f3 facultativa de les mateixes.<\/p>\n<p><strong>PROAIG\u00dcES<\/strong> compta amb una \u00e0mplia experi\u00e8ncia al llarg dels seus m\u00e9s de 20 anys d&#8217;exist\u00e8ncia, desenrotllant principalment obres hidr\u00e0uliques d&#8217;aigua potable (distribuci\u00f3, emmagatzemament, control i optimitzaci\u00f3 del recurs, etc) i obres de sanejament i depuraci\u00f3 d&#8217;aig\u00fces, aix\u00ed com tractaments de regeneraci\u00f3.<\/p>\n<p>Estos treballs \u00e9s realitzen en el marc del Conveni amb la Diputaci\u00f3 d&#8217;Alacant, com a organisme aut\u00f2nom, o be dins del marc de Conveniu i Col\u00b7laboracions amb la Generalitat Valenciana i altres Entitats Publiques.<\/p>\n<div class=\"row\">\n<div class=\"mosaico small-12 medium-6 large-6 columns\">\n<img loading=\"lazy\" decoding=\"async\" class=\"alignnone size-full wp-image-781\" src=\"http:\/\/www.proaguas.es\/wp-content\/uploads\/2016\/09\/2005-EDAR_ROMANA-1.jpg\" alt=\"2005-edar_romana\" width=\"600\" height=\"450\" srcset=\"https:\/\/www.proaguas.es\/wp-content\/uploads\/2016\/09\/2005-EDAR_ROMANA-1.jpg 600w, https:\/\/www.proaguas.es\/wp-content\/uploads\/2016\/09\/2005-EDAR_ROMANA-1-300x225.jpg 300w\" sizes=\"auto, (max-width: 639px) 98vw, (max-width: 1199px) 64vw, 600px\" \/>\n<p class=\"text-center text-mosaico\">ESTACIONS DEPURADORES<\/p>\n<\/div>\n<div class=\"mosaico small-12 medium-6 large-6 columns\">\n<img loading=\"lazy\" decoding=\"async\" class=\"alignnone size-full wp-image-782\" src=\"http:\/\/www.proaguas.es\/wp-content\/uploads\/2016\/09\/2009-dep-agost-IMG_0058.jpg\" alt=\"2009-dep-agost-img_0058\" width=\"600\" height=\"450\" srcset=\"https:\/\/www.proaguas.es\/wp-content\/uploads\/2016\/09\/2009-dep-agost-IMG_0058.jpg 600w, https:\/\/www.proaguas.es\/wp-content\/uploads\/2016\/09\/2009-dep-agost-IMG_0058-300x225.jpg 300w\" sizes=\"auto, (max-width: 639px) 98vw, (max-width: 1199px) 64vw, 600px\" \/>\n<p class=\"text-center text-mosaico\"> DEP\u00d2SITS <\/p>\n<\/div>\n<\/div>\n<div class=\"row\">\n<div class=\"mosaico small-12 medium-6 large-6 columns\">\n<img loading=\"lazy\" decoding=\"async\" class=\"alignnone size-full wp-image-784\" src=\"http:\/\/www.proaguas.es\/wp-content\/uploads\/2016\/09\/Tratamiento-Terciario-EDAR-Orihuela-Rinco\u0301n-de-Bonanza.jpg\" alt=\"tratamiento-terciario-edar-orihuela-rincon-de-bonanza\" width=\"600\" height=\"450\" srcset=\"https:\/\/www.proaguas.es\/wp-content\/uploads\/2016\/09\/Tratamiento-Terciario-EDAR-Orihuela-Rinco\u0301n-de-Bonanza.jpg 600w, https:\/\/www.proaguas.es\/wp-content\/uploads\/2016\/09\/Tratamiento-Terciario-EDAR-Orihuela-Rinco\u0301n-de-Bonanza-300x225.jpg 300w\" sizes=\"auto, (max-width: 639px) 98vw, (max-width: 1199px) 64vw, 600px\" \/>\n<p class=\"text-center text-mosaico\">TRACTAMENTS TERCIARIS<\/p>\n<\/div>\n<div class=\"mosaico small-12 medium-6 large-6 columns\">\n<img loading=\"lazy\" decoding=\"async\" class=\"alignnone size-full wp-image-783\" src=\"http:\/\/www.proaguas.es\/wp-content\/uploads\/2016\/09\/P1140952.jpg\" alt=\"p1140952\" width=\"600\" height=\"450\" srcset=\"https:\/\/www.proaguas.es\/wp-content\/uploads\/2016\/09\/P1140952.jpg 600w, https:\/\/www.proaguas.es\/wp-content\/uploads\/2016\/09\/P1140952-300x225.jpg 300w\" sizes=\"auto, (max-width: 639px) 98vw, (max-width: 1199px) 64vw, 600px\" \/>\n<p class=\"text-center text-mosaico\"> SANEJAMENT <\/p>\n<\/div>\n<\/div>\n","protected":false},"excerpt":{"rendered":"<p>Una de les activitats principals de PROAIG\u00dcES \u00e9s el desplegament i execuci\u00f3 d&#8217;actuacions dins del cicle integral de l&#8217;aigua, redactant tot tipus d&#8217;estudis i projectes aix\u00ed com la supervisi\u00f3 de les obres, duent a terme la direcci\u00f3 facultativa de les mateixes. PROAIG\u00dcES compta amb una \u00e0mplia experi\u00e8ncia al llarg dels seus m\u00e9s de 20 anys [&hellip;]<\/p>\n","protected":false},"author":3,"featured_media":0,"parent":155,"menu_order":0,"comment_status":"closed","ping_status":"closed","template":"page-templates\/page-full-width.php","meta":{"footnotes":""},"class_list":["post-195","page","type-page","status-publish","hentry"],"_links":{"self":[{"href":"https:\/\/www.proaguas.es\/va\/wp-json\/wp\/v2\/pages\/195","targetHints":{"allow":["GET"]}}],"collection":[{"href":"https:\/\/www.proaguas.es\/va\/wp-json\/wp\/v2\/pages"}],"about":[{"href":"https:\/\/www.proaguas.es\/va\/wp-json\/wp\/v2\/types\/page"}],"author":[{"embeddable":true,"href":"https:\/\/www.proaguas.es\/va\/wp-json\/wp\/v2\/users\/3"}],"replies":[{"embeddable":true,"href":"https:\/\/www.proaguas.es\/va\/wp-json\/wp\/v2\/comments?post=195"}],"version-history":[{"count":5,"href":"https:\/\/www.proaguas.es\/va\/wp-json\/wp\/v2\/pages\/195\/revisions"}],"predecessor-version":[{"id":878,"href":"https:\/\/www.proaguas.es\/va\/wp-json\/wp\/v2\/pages\/195\/revisions\/878"}],"up":[{"embeddable":true,"href":"https:\/\/www.proaguas.es\/va\/wp-json\/wp\/v2\/pages\/155"}],"wp:attachment":[{"href":"https:\/\/www.proaguas.es\/va\/wp-json\/wp\/v2\/media?parent=195"}],"curies":[{"name":"wp","href":"https:\/\/api.w.org\/{rel}","templated":true}]}}