{"id":312,"date":"2016-09-26T17:20:38","date_gmt":"2016-09-26T17:20:38","guid":{"rendered":"http:\/\/www.proaguas.es\/va\/?page_id=312"},"modified":"2024-10-14T12:09:14","modified_gmt":"2024-10-14T12:09:14","slug":"contacte","status":"publish","type":"page","link":"https:\/\/www.proaguas.es\/va\/contacte\/","title":{"rendered":"Contacte"},"content":{"rendered":"<h3 style=\"text-align: center;\"><span style=\"text-decoration-line: underline; text-decoration-style: initial; text-decoration-color: initial;\"><strong><span style=\"font-size: 18pt;\">CONTACTE I PRESSUPOSTOS<\/span><\/strong><\/span><\/h3>\n<div class=\"map\"><iframe loading=\"lazy\" style=\"border: 0;\" src=\"https:\/\/www.google.com\/maps\/embed?pb=!1m18!1m12!1m3!1d1564.6004488174276!2d-0.5111910627717356!3d38.34433196962584!2m3!1f0!2f0!3f0!3m2!1i1024!2i768!4f13.1!3m3!1m2!1s0xd623668de2df995%3A0x9a171e941497fbdf!2sEmpresa+Provincial+De+Aguas+Costa+Blanca+Proaguas+Costablanca+S+A!5e0!3m2!1ses!2ses!4v1477814445357\" width=\"1170\" height=\"370\" frameborder=\"0\" allowfullscreen=\"allowfullscreen\"><\/iframe><\/div>\n<div class=\"row\">\n<div class=\"small-12 medium-7 large-7 columns\">\n<div class=\"wpcf7 no-js\" id=\"wpcf7-f861-o1\" lang=\"va-ES\" dir=\"ltr\" data-wpcf7-id=\"861\">\n<div class=\"screen-reader-response\"><p role=\"status\" aria-live=\"polite\" aria-atomic=\"true\"><\/p> <ul><\/ul><\/div>\n<form action=\"\/va\/wp-json\/wp\/v2\/pages\/312#wpcf7-f861-o1\" method=\"post\" class=\"wpcf7-form init\" aria-label=\"Contact form\" novalidate=\"novalidate\" data-status=\"init\">\n<div style=\"display: none;\">\n<input type=\"hidden\" name=\"_wpcf7\" value=\"861\" \/>\n<input type=\"hidden\" name=\"_wpcf7_version\" value=\"6.0.5\" \/>\n<input type=\"hidden\" name=\"_wpcf7_locale\" value=\"va_ES\" \/>\n<input type=\"hidden\" name=\"_wpcf7_unit_tag\" value=\"wpcf7-f861-o1\" \/>\n<input type=\"hidden\" name=\"_wpcf7_container_post\" value=\"0\" \/>\n<input type=\"hidden\" name=\"_wpcf7_posted_data_hash\" value=\"\" \/>\n<input type=\"hidden\" name=\"_wpcf7_recaptcha_response\" value=\"\" \/>\n<\/div>\n<div class=\"large-6 medium-6 small-12 column\">\n\t<p><label> Organitzaci\u00f3 <em>*<\/em><br \/>\n<span class=\"wpcf7-form-control-wrap\" data-name=\"EmpresaEntidad\"><input size=\"40\" maxlength=\"400\" class=\"wpcf7-form-control wpcf7-text wpcf7-validates-as-required\" aria-required=\"true\" aria-invalid=\"false\" value=\"\" type=\"text\" name=\"EmpresaEntidad\" \/><\/span><\/label><br \/>\n<label> Persona de Contacte <em>*<\/em><br \/>\n<span class=\"wpcf7-form-control-wrap\" data-name=\"your-name\"><input size=\"40\" maxlength=\"400\" class=\"wpcf7-form-control wpcf7-text wpcf7-validates-as-required\" aria-required=\"true\" aria-invalid=\"false\" value=\"\" type=\"text\" name=\"your-name\" \/><\/span> <\/label>\n\t<\/p>\n\t<p><label>Tipus de consulta <em>*<\/em><br \/>\n<span class=\"wpcf7-form-control-wrap\" data-name=\"menu-804\"><select class=\"wpcf7-form-control wpcf7-select tipo de consulta\" aria-invalid=\"false\" name=\"menu-804\"><option value=\"\">&#8212;Please choose an option&#8212;<\/option><option value=\"Sol\u00b7licitud d&#039;informaci\u00f3\">Sol\u00b7licitud d&#039;informaci\u00f3<\/option><option value=\"Suggeriments\">Suggeriments<\/option><\/select><\/span><\/label>\n\t<\/p>\n<\/div>\n<div class=\"large-6 medium-6 small-12 column\">\n\t<p><label> Tel\u00e8fon \/ M\u00f2bil <em>*<\/em><br \/>\n<span class=\"wpcf7-form-control-wrap\" data-name=\"telefono\"><input size=\"40\" maxlength=\"400\" class=\"wpcf7-form-control wpcf7-tel wpcf7-validates-as-required wpcf7-text wpcf7-validates-as-tel telefono\" aria-required=\"true\" aria-invalid=\"false\" value=\"\" type=\"tel\" name=\"telefono\" \/><\/span><\/label><br \/>\n<label> Correu electr\u00f2nic <em>*<\/em><br \/>\n<span class=\"wpcf7-form-control-wrap\" data-name=\"your-email\"><input size=\"40\" maxlength=\"400\" class=\"wpcf7-form-control wpcf7-email wpcf7-validates-as-required wpcf7-text wpcf7-validates-as-email\" aria-required=\"true\" aria-invalid=\"false\" value=\"\" type=\"email\" name=\"your-email\" \/><\/span> <\/label>\n\t<\/p>\n<\/div>\n<div class=\"large-12 column\">\n\t<p><label> Missatge<br \/>\n<span class=\"wpcf7-form-control-wrap\" data-name=\"your-message\"><textarea cols=\"40\" rows=\"10\" maxlength=\"2000\" class=\"wpcf7-form-control wpcf7-textarea\" aria-invalid=\"false\" name=\"your-message\"><\/textarea><\/span> <\/label><br \/>\n<input class=\"wpcf7-form-control wpcf7-submit has-spinner button\" type=\"submit\" value=\"enviar\" \/>\n\t<\/p>\n<\/div><div class=\"wpcf7-response-output\" aria-hidden=\"true\"><\/div>\n<\/form>\n<\/div>\n<\/div>\n<div class=\"direccion large-5 medium-5 small-12 columns\">\n<h3><i class=\"fa fa-map-marker\"><\/i> Les nostres Oficines<\/h3>\n<p>Avenida de Orihuela, 39<\/p>\n<p>03007 Alicante<\/p>\n<p>ESPA\u00d1A<\/p>\n<p class=\"last\">proaguas@diputacionalicante.es<\/p>\n<h3><i class=\"fa fa-comments-o\"><\/i> Contacte Comercial<\/h3>\n<p>Responsable T\u00e8cnic Comercial<\/p>\n<p>M\u00aa Cristina Blanco Mur<\/p>\n<p>965 11 13 76<\/p>\n<p class=\"last\">cblancom@diputacionalicante.es<\/p>\n<\/div>\n<p class=\"text-footer-contacto\" style=\"text-align: justify;\"><span class=\"s1\" style=\"font-size: 10pt;\"><strong> CONSENTIMENT PER AL TRACTAMENT DE DADES PERSONALS<\/strong> <\/span><\/p>\n<p class=\"text-footer-contacto\" style=\"text-align: justify;\"><span class=\"s1\" style=\"font-size: 10pt;\"><strong>EMPRESA PROVINCIAL DE AGUAS COSTA BLANCA PROAGUAS COSTABLANCA S.A.\u00a0<\/strong> \u00e9s el Responsable del tractament de les dades personals de l\u2019usuari i l\u2019informa que aquestes dades es tractaran de conformitat amb el que disposa el Reglament (UE) 2016\/679, de 27 d\u2019abril (GDPR), i la Llei Org\u00e0nica 3\/2018, de 5 de desembre (LOPDGDD), per la qual cosa se li facilita la seg\u00fcent informaci\u00f3 del tractament:<\/span><\/p>\n<p class=\"text-footer-contacto\" style=\"text-align: justify;\"><span class=\"s1\" style=\"font-size: 10pt;\"><strong> Finalitats i legitimaci\u00f3 del tractament<\/strong>: mantenir una relaci\u00f3 comercial (per inter\u00e8s leg\u00edtim del responsable, art. 6.1.f GDPR) i enviar comunicacions de productes o serveis (per consentiment de l\u2019interessat, art. 6.1.a GDPR). <\/span><\/p>\n<p class=\"text-footer-contacto\" style=\"text-align: justify;\"><span class=\"s1\" style=\"font-size: 10pt;\"><strong> Criteris de conservaci\u00f3 de les dades<\/strong>: es conservaran durant no m\u00e9s temps del necessari per mantenir la finalitat del tractament o mentre hi hagi prescripcions legals que en dictaminin la cust\u00f2dia i quan ja no sigui necessari per a aix\u00f2, se suprimiran amb mesures de seguretat adequades per garantir l\u2019anonimitzaci\u00f3 de les dades o la seva destrucci\u00f3 total. <\/span><\/p>\n<p class=\"text-footer-contacto\" style=\"text-align: justify;\"><span class=\"s1\" style=\"font-size: 10pt;\"><strong> Comunicaci\u00f3 de les dades<\/strong>: no es comunicaran les dades a tercers, tret que sigui obligaci\u00f3 legal. <\/span><\/p>\n<p class=\"text-footer-contacto\" style=\"text-align: justify;\"><span class=\"s1\" style=\"font-size: 10pt;\"><strong> Drets que t\u00e9 l\u2019usuari<\/strong>: dret a retirar el consentiment en qualsevol moment. Dret d\u2019acc\u00e9s, rectificaci\u00f3, portabilitat i supressi\u00f3 de les seves dades i de limitaci\u00f3 o oposici\u00f3 al seu tractament. Dret a presentar una reclamaci\u00f3 davant l\u2019Autoritat de control (www.aepd.es) si considera que el tractament no s\u2019ajusta a la normativa vigent. <\/span><\/p>\n<p class=\"text-footer-contacto\" style=\"text-align: justify;\"><span class=\"s1\" style=\"font-size: 10pt;\"><strong> Dades de contacte per exercir els seus drets<\/strong>: <a href=\"mailto:jortsp@diputacionalicante.es\">jortsp@diputacionalicante.es.<\/a> <\/span><\/p>\n<p class=\"text-footer-contacto\" style=\"text-align: justify;\"><span class=\"s1\" style=\"font-size: 10pt;\"><strong> Dades de contacte del delegat de protecci\u00f3 de dades<\/strong>: PROFESSIONAL GROUP CONVERSIA SLU: <a href=\"mailto:dpd@conversia.es\">dpd@conversia.es<\/a><\/span><\/p>\n<\/div>\n","protected":false},"excerpt":{"rendered":"<p>CONTACTE I PRESSUPOSTOS Les nostres Oficines Avenida de Orihuela, 39 03007 Alicante ESPA\u00d1A proaguas@diputacionalicante.es Contacte Comercial Responsable T\u00e8cnic Comercial M\u00aa Cristina Blanco Mur 965 11 13 76 cblancom@diputacionalicante.es CONSENTIMENT PER AL TRACTAMENT DE DADES PERSONALS EMPRESA PROVINCIAL DE AGUAS COSTA BLANCA PROAGUAS COSTABLANCA S.A.\u00a0 \u00e9s el Responsable del tractament de les dades personals de l\u2019usuari [&hellip;]<\/p>\n","protected":false},"author":3,"featured_media":0,"parent":0,"menu_order":0,"comment_status":"closed","ping_status":"closed","template":"page-templates\/page-full-width.php","meta":{"footnotes":""},"class_list":["post-312","page","type-page","status-publish","hentry"],"_links":{"self":[{"href":"https:\/\/www.proaguas.es\/va\/wp-json\/wp\/v2\/pages\/312","targetHints":{"allow":["GET"]}}],"collection":[{"href":"https:\/\/www.proaguas.es\/va\/wp-json\/wp\/v2\/pages"}],"about":[{"href":"https:\/\/www.proaguas.es\/va\/wp-json\/wp\/v2\/types\/page"}],"author":[{"embeddable":true,"href":"https:\/\/www.proaguas.es\/va\/wp-json\/wp\/v2\/users\/3"}],"replies":[{"embeddable":true,"href":"https:\/\/www.proaguas.es\/va\/wp-json\/wp\/v2\/comments?post=312"}],"version-history":[{"count":10,"href":"https:\/\/www.proaguas.es\/va\/wp-json\/wp\/v2\/pages\/312\/revisions"}],"predecessor-version":[{"id":2105,"href":"https:\/\/www.proaguas.es\/va\/wp-json\/wp\/v2\/pages\/312\/revisions\/2105"}],"wp:attachment":[{"href":"https:\/\/www.proaguas.es\/va\/wp-json\/wp\/v2\/media?parent=312"}],"curies":[{"name":"wp","href":"https:\/\/api.w.org\/{rel}","templated":true}]}}