{"id":848,"date":"2016-12-06T08:49:09","date_gmt":"2016-12-06T08:49:09","guid":{"rendered":"http:\/\/www.proaguas.es\/va\/?page_id=848"},"modified":"2016-12-06T08:49:09","modified_gmt":"2016-12-06T08:49:09","slug":"aigues-de-reg","status":"publish","type":"page","link":"https:\/\/www.proaguas.es\/va\/servicis\/analisi-i-control-dinstal%c2%b7lacions\/aigues-de-reg\/","title":{"rendered":"Aig\u00fces de reg"},"content":{"rendered":"<div class=\"row\">\n<p class=\"text-center\"><strong>AIG\u00dcES DE REG<\/strong><\/p>\n<div class=\"small-12 large-6 medium-6 columns\"><img loading=\"lazy\" decoding=\"async\" class=\"alignnone size-full wp-image-737\" src=\"http:\/\/www.proaguas.es\/wp-content\/uploads\/2016\/10\/Tratamiento-terciario-EDAR-Biar-.jpg\" alt=\"tratamiento-terciario-edar-biar\" width=\"640\" height=\"480\" srcset=\"https:\/\/www.proaguas.es\/wp-content\/uploads\/2016\/10\/Tratamiento-terciario-EDAR-Biar-.jpg 640w, https:\/\/www.proaguas.es\/wp-content\/uploads\/2016\/10\/Tratamiento-terciario-EDAR-Biar--300x225.jpg 300w\" sizes=\"auto, (max-width: 639px) 98vw, (max-width: 1199px) 64vw, 640px\" \/><\/div>\n<div class=\"small-12 large-6 medium-6 columns\">\n<ul>\n<li class=\"li1\">Gesti\u00f3 i Sol\u00b7licitud d&#8217;Autoritzaci\u00f3 a les Confederacions d&#8217;\u00fas de l&#8217;aigua depurada, en compliment del Reial Decret 1620\/2007.<\/li>\n<li class=\"li1\">Assist\u00e8ncia T\u00e8cnica, Planificaci\u00f3 i Control de Qualitat de les aig\u00fces depurades per al seu reutilitzaci\u00f3 en els usos que preveu el RD 1620\/2007.<\/li>\n<li class=\"li1\">Assessorament t\u00e8cnic i control anal\u00edtic en tractaments terciaris d&#8217;aig\u00fces residuals.<\/li>\n<li class=\"li1\">Estudi i An\u00e0lisi d&#8217;aig\u00fces per al seu \u00fas en reg.<\/li>\n<li class=\"li1\">Avaluaci\u00f3 de riscos en cultius per \u00fas de l&#8217;aigua. Estudis de salinitat.<\/li>\n<\/ul>\n<\/div>\n<\/div>\n","protected":false},"excerpt":{"rendered":"<p>AIG\u00dcES DE REG Gesti\u00f3 i Sol\u00b7licitud d&#8217;Autoritzaci\u00f3 a les Confederacions d&#8217;\u00fas de l&#8217;aigua depurada, en compliment del Reial Decret 1620\/2007. Assist\u00e8ncia T\u00e8cnica, Planificaci\u00f3 i Control de Qualitat de les aig\u00fces depurades per al seu reutilitzaci\u00f3 en els usos que preveu el RD 1620\/2007. Assessorament t\u00e8cnic i control anal\u00edtic en tractaments terciaris d&#8217;aig\u00fces residuals. Estudi i [&hellip;]<\/p>\n","protected":false},"author":3,"featured_media":0,"parent":159,"menu_order":0,"comment_status":"closed","ping_status":"closed","template":"page-templates\/page-full-width.php","meta":{"footnotes":""},"class_list":["post-848","page","type-page","status-publish","hentry"],"_links":{"self":[{"href":"https:\/\/www.proaguas.es\/va\/wp-json\/wp\/v2\/pages\/848","targetHints":{"allow":["GET"]}}],"collection":[{"href":"https:\/\/www.proaguas.es\/va\/wp-json\/wp\/v2\/pages"}],"about":[{"href":"https:\/\/www.proaguas.es\/va\/wp-json\/wp\/v2\/types\/page"}],"author":[{"embeddable":true,"href":"https:\/\/www.proaguas.es\/va\/wp-json\/wp\/v2\/users\/3"}],"replies":[{"embeddable":true,"href":"https:\/\/www.proaguas.es\/va\/wp-json\/wp\/v2\/comments?post=848"}],"version-history":[{"count":1,"href":"https:\/\/www.proaguas.es\/va\/wp-json\/wp\/v2\/pages\/848\/revisions"}],"predecessor-version":[{"id":849,"href":"https:\/\/www.proaguas.es\/va\/wp-json\/wp\/v2\/pages\/848\/revisions\/849"}],"up":[{"embeddable":true,"href":"https:\/\/www.proaguas.es\/va\/wp-json\/wp\/v2\/pages\/159"}],"wp:attachment":[{"href":"https:\/\/www.proaguas.es\/va\/wp-json\/wp\/v2\/media?parent=848"}],"curies":[{"name":"wp","href":"https:\/\/api.w.org\/{rel}","templated":true}]}}